{"id":35157,"date":"2023-02-10T10:13:06","date_gmt":"2023-02-10T09:13:06","guid":{"rendered":"https:\/\/adventum.org\/iniciativas\/nada-por-nada\/"},"modified":"2023-04-17T09:43:06","modified_gmt":"2023-04-17T07:43:06","slug":"nada-por-nada","status":"publish","type":"page","link":"https:\/\/adventum.org\/es\/iniciativas\/nada-por-nada\/","title":{"rendered":"Nada por nada"},"content":{"rendered":"<p>[et_pb_section fb_built=\u00bb1&#8243; fullwidth=\u00bbon\u00bb _builder_version=\u00bb4.16&#8243; da_disable_devices=\u00bboff|off|off\u00bb global_colors_info=\u00bb{}\u00bb da_is_popup=\u00bboff\u00bb da_exit_intent=\u00bboff\u00bb da_has_close=\u00bbon\u00bb da_alt_close=\u00bboff\u00bb da_dark_close=\u00bboff\u00bb da_not_modal=\u00bbon\u00bb da_is_singular=\u00bboff\u00bb da_with_loader=\u00bboff\u00bb da_has_shadow=\u00bbon\u00bb][et_pb_fullwidth_code _builder_version=\u00bb4.19.5&#8243; global_colors_info=\u00bb{}\u00bb]\n\t\t\t\t<p class=\"rs-p-wp-fix\"><\/p>\n\t\t\t\t<sr7-module data-alias=\"iniziative-slider\" data-id=\"6\" id=\"SR7_6_1\" class=\"rs-ov-hidden\" data-version=\"6.7.51\">\n\t\t\t\t\t<sr7-adjuster><\/sr7-adjuster>\n\t\t\t\t\t<sr7-content>\n\t\t\t\t\t\t<sr7-slide id=\"SR7_6_1-11\" data-key=\"11\">\n\t\t\t\t\t\t\t<sr7-bg id=\"SR7_6_1-11-5\" class=\"sr7-layer\"><noscript><img decoding=\"async\" src=\"https:\/\/adventum.s3.eu-west-1.amazonaws.com\/wp-content\/uploads\/2020\/08\/banner-iniziative-griglia-pois.png\" alt=\"\" title=\"banner-iniziative-griglia-pois\"><\/noscript><\/sr7-bg>\n\t\t\t\t\t\t<\/sr7-slide>\n\t\t\t\t\t\t<sr7-slide id=\"SR7_6_1-45\" data-key=\"45\">\n\t\t\t\t\t\t<\/sr7-slide>\n\t\t\t\t\t<\/sr7-content>\n\t\t\t\t\t<image_lists style=\"display:none\">\n\t\t\t\t\t\t<img data-src=\"\/\/adventum.s3.eu-west-1.amazonaws.com\/wp-content\/uploads\/2020\/08\/banner-iniziative-logo.png\" data-libid=\"29790\" data-lib=\"medialibrary\" title=\"banner-iniziative-logo\" width=\"0\" height=\"0\" data-dbsrc=\"Ly9hZHZlbnR1bS5zMy5ldS13ZXN0LTEuYW1hem9uYXdzLmNvbS93cC1jb250ZW50L3VwbG9hZHMvMjAyMC8wOC9iYW5uZXItaW5pemlhdGl2ZS1sb2dvLnBuZw==\"\/>\n\t\t\t\t\t\t<img data-src=\"\/\/adventum.s3.eu-west-1.amazonaws.com\/wp-content\/uploads\/2020\/08\/banner-iniziative-griglia-pois.png\" data-libid=\"30953\" data-lib=\"medialibrary\" title=\"banner-iniziative-griglia-pois\" width=\"0\" height=\"0\" data-dbsrc=\"Ly9hZHZlbnR1bS5zMy5ldS13ZXN0LTEuYW1hem9uYXdzLmNvbS93cC1jb250ZW50L3VwbG9hZHMvMjAyMC8wOC9iYW5uZXItaW5pemlhdGl2ZS1ncmlnbGlhLXBvaXMucG5n\"\/>\n\t\t\t\t\t<\/image_lists>\n\t\t\t\t<\/sr7-module>\n\t\t\t\t<script>\n\t\t\t\t\twindow.SR7 ??={};SR7.PMH ??={}; SR7.PMH[\"SR7_6_1\"] = {cn:100,state:false,fn: function() { if (window._tpt!==undefined && window._tpt.prepareModuleHeight !== undefined) {  _tpt.prepareModuleHeight({id:\"SR7_6_1\",el:[351,351,768,960,720],type:'standard',shdw:'0',gh:[351,351,,,],gw:[1240,1240,1024,778,480],vpt:['-200px'],size:{fullWidth:true, fullHeight:false},mh:'0',onh:0,onw:0,bg:{color:'{\"orig\":\"transparent\",\"type\":\"solid\",\"string\":\"transparent\"}'},plType:'0',plColor:'#FFFFFF'});   SR7.PMH[\"SR7_6_1\"].state=true;} else if(SR7.PMH[\"SR7_6_1\"].cn-->0)\tsetTimeout( SR7.PMH[\"SR7_6_1\"].fn,19);}};SR7.PMH[\"SR7_6_1\" ].fn();\n\t\t\t\t<\/script>\n[\/et_pb_fullwidth_code][\/et_pb_section][et_pb_section fb_built=\u00bb1&#8243; custom_padding_last_edited=\u00bbon|desktop\u00bb disabled_on=\u00bboff|off|off\u00bb admin_label=\u00bbsection\u00bb _builder_version=\u00bb4.19.5&#8243; background_color=\u00bbrgba(0,0,0,0)\u00bb background_enable_image=\u00bboff\u00bb custom_padding=\u00bb26px||4px||false|false\u00bb custom_padding_tablet=\u00bb50px|0|50px|0&#8243; custom_padding_phone=\u00bb\u00bb animation_style=\u00bbfade\u00bb da_disable_devices=\u00bboff|off|off\u00bb global_colors_info=\u00bb{}\u00bb da_is_popup=\u00bboff\u00bb da_exit_intent=\u00bboff\u00bb da_has_close=\u00bbon\u00bb da_alt_close=\u00bboff\u00bb da_dark_close=\u00bboff\u00bb da_not_modal=\u00bbon\u00bb da_is_singular=\u00bboff\u00bb da_with_loader=\u00bboff\u00bb da_has_shadow=\u00bbon\u00bb][et_pb_row _builder_version=\u00bb4.19.5&#8243; _module_preset=\u00bbdefault\u00bb global_colors_info=\u00bb{}\u00bb][et_pb_column type=\u00bb4_4&#8243; _builder_version=\u00bb4.19.5&#8243; _module_preset=\u00bbdefault\u00bb global_colors_info=\u00bb{}\u00bb][et_pb_image src=\u00bbhttps:\/\/adventum.s3.eu-west-1.amazonaws.com\/wp-content\/uploads\/2020\/07\/banner-Niente-per-niente.png\u00bb title_text=\u00bbbanner-Nada por nada\u00bb _builder_version=\u00bb4.19.5&#8243; _module_preset=\u00bbdefault\u00bb global_colors_info=\u00bb{}\u00bb][\/et_pb_image][\/et_pb_column][\/et_pb_row][\/et_pb_section][et_pb_section fb_built=\u00bb1&#8243; _builder_version=\u00bb4.19.5&#8243; _module_preset=\u00bbdefault\u00bb da_disable_devices=\u00bboff|off|off\u00bb global_colors_info=\u00bb{}\u00bb da_is_popup=\u00bboff\u00bb da_exit_intent=\u00bboff\u00bb da_has_close=\u00bbon\u00bb da_alt_close=\u00bboff\u00bb da_dark_close=\u00bboff\u00bb da_not_modal=\u00bbon\u00bb da_is_singular=\u00bboff\u00bb da_with_loader=\u00bboff\u00bb da_has_shadow=\u00bbon\u00bb][et_pb_row column_structure=\u00bb3_5,2_5&#8243; _builder_version=\u00bb4.19.5&#8243; _module_preset=\u00bbdefault\u00bb global_colors_info=\u00bb{}\u00bb][et_pb_column type=\u00bb3_5&#8243; _builder_version=\u00bb4.19.5&#8243; _module_preset=\u00bbdefault\u00bb global_colors_info=\u00bb{}\u00bb][et_pb_text _builder_version=\u00bb4.19.5&#8243; _module_preset=\u00bbdefault\u00bb text_font=\u00bb|700|||||||\u00bb text_font_size=\u00bb59px\u00bb text_line_height=\u00bb0.9em\u00bb global_colors_info=\u00bb{}\u00bb]<\/p>\n<p>Nada para neinte<\/p>\n<p>[\/et_pb_text][et_pb_text _builder_version=\u00bb4.19.5&#8243; _module_preset=\u00bbdefault\u00bb text_font_size=\u00bb22px\u00bb global_colors_info=\u00bb{}\u00bb]<\/p>\n<p>Historias suspendidas entre el sobreendeudamiento y la usura.<\/p>\n<p>[\/et_pb_text][et_pb_text disabled_on=\u00bbon|off|off\u00bb _builder_version=\u00bb4.19.5&#8243; _module_preset=\u00bbdefault\u00bb global_colors_info=\u00bb{}\u00bb]<\/p>\n<p>\ud83d\uddd3\ufe0f <strong>27 de abril de 2015 <\/strong>.  \ud83d\udccd <strong>Sala Umberto &#8211; Roma<\/strong><\/p>\n<p>[\/et_pb_text][et_pb_text disabled_on=\u00bboff|on|on\u00bb _builder_version=\u00bb4.19.5&#8243; _module_preset=\u00bbdefault\u00bb global_colors_info=\u00bb{}\u00bb]<\/p>\n<p>\ud83d\uddd3\ufe0f <strong>27 de abril de 2015<br \/><\/strong>\ud83d\udccd <strong>Sala Umberto &#8211; Roma<\/strong><\/p>\n<p>[\/et_pb_text][\/et_pb_column][et_pb_column type=\u00bb2_5&#8243; _builder_version=\u00bb4.19.5&#8243; _module_preset=\u00bbdefault\u00bb global_colors_info=\u00bb{}\u00bb][et_pb_text _builder_version=\u00bb4.19.5&#8243; _module_preset=\u00bbdefault\u00bb text_font_size=\u00bb17px\u00bb global_colors_info=\u00bb{}\u00bb]<\/p>\n<p>Proyecto promovido por la <strong>Fundaci\u00f3n Adventum<\/strong> y el<strong>Ambulatorio Antiusura<\/strong> y financiado por<strong>8xmille de la Iglesia Cristiana Adventista<\/strong>.<\/p>\n<p>[\/et_pb_text][et_pb_image src=\u00bbhttps:\/\/adventum.s3.eu-west-1.amazonaws.com\/wp-content\/uploads\/2023\/02\/loghi-iniziative.png\u00bb title_text=\u00bblogos-iniciativas\u00bb _builder_version=\u00bb4.19.5&#8243; _module_preset=\u00bbdefault\u00bb global_colors_info=\u00bb{}\u00bb][\/et_pb_image][\/et_pb_column][\/et_pb_row][\/et_pb_section][et_pb_section fb_built=\u00bb1&#8243; _builder_version=\u00bb4.19.5&#8243; _module_preset=\u00bbdefault\u00bb min_height=\u00bb163.8px\u00bb da_disable_devices=\u00bboff|off|off\u00bb global_colors_info=\u00bb{}\u00bb da_is_popup=\u00bboff\u00bb da_exit_intent=\u00bboff\u00bb da_has_close=\u00bbon\u00bb da_alt_close=\u00bboff\u00bb da_dark_close=\u00bboff\u00bb da_not_modal=\u00bbon\u00bb da_is_singular=\u00bboff\u00bb da_with_loader=\u00bboff\u00bb da_has_shadow=\u00bbon\u00bb][et_pb_row _builder_version=\u00bb4.19.5&#8243; _module_preset=\u00bbdefault\u00bb custom_margin=\u00bb|auto||auto|false|false\u00bb global_colors_info=\u00bb{}\u00bb][et_pb_column type=\u00bb4_4&#8243; _builder_version=\u00bb4.19.5&#8243; _module_preset=\u00bbdefault\u00bb global_colors_info=\u00bb{}\u00bb][et_pb_text _builder_version=\u00bb4.19.5&#8243; _module_preset=\u00bbdefault\u00bb text_font_size=\u00bb45px\u00bb text_line_height=\u00bb1em\u00bb custom_padding=\u00bb||38px|||\u00bb global_colors_info=\u00bb{}\u00bb]<\/p>\n<p style=\"text-align: center;\"><strong>El proyecto teatral \u00abNada por nada<\/strong><\/p>\n<p>[\/et_pb_text][et_pb_text _builder_version=\u00bb4.19.5&#8243; _module_preset=\u00bbdefault\u00bb global_colors_info=\u00bb{}\u00bb]<\/p>\n<p>\u00abNada por nada. Historias suspendidas entre el sobreendeudamiento y la usura\u00bb es un viaje teatral y una viva reflexi\u00f3n sobre un tema de candente actualidad, que hist\u00f3ricamente viene de lejos y hoy adquiere caracter\u00edsticas y modalidades cada vez m\u00e1s penetrantes e insidiosas. A trav\u00e9s de las historias emblem\u00e1ticas de personajes extra\u00eddos de la realidad de testimonios e investigaciones, se despliega un viaje emocional y convincente que implica y hace reflexionar pero que, sobre todo, esperamos, sea un ejemplo y una gu\u00eda para una gesti\u00f3n consciente del dinero, una advertencia palpitante para estar alerta ante la trampa de la usura, que se aprovecha de la vulnerabilidad emocional y psicol\u00f3gica de las personas en dificultades, pero tambi\u00e9n un empuj\u00f3n a la valent\u00eda para pedir ayuda a las instituciones cuando el problema se vuelve insalvable y peligroso. La dif\u00edcil situaci\u00f3n econ\u00f3mica y la falta de una cultura sobre el uso responsable del dinero han provocado un crecimiento exponencial del fen\u00f3meno en todo el pa\u00eds. Cada vez es m\u00e1s frecuente que artesanos, comerciantes, empresarios y familias caigan en manos de usureros por culpa de un problema del que se habla poco y que s\u00f3lo est\u00e1 en el candelero cuando las noticias sobre delincuencia se ocupan de \u00e9l, con asesinatos, suicidios o violencia contra las v\u00edctimas. La educaci\u00f3n en el uso responsable del dinero es, por tanto, un primer objetivo importante que debe perseguirse con actividades espec\u00edficas de sensibilizaci\u00f3n y alfabetizaci\u00f3n, fomentando una conciencia social que ayude a comprender las causas del problema y a atajarlo. Empezando por la generaci\u00f3n m\u00e1s joven. Precisamente por eso, la obra y su escritura se dirigen a un p\u00fablico de j\u00f3venes, los primeros en comprender el alcance y la gravedad del fen\u00f3meno. En este sentido, el papel del Ministerio de Educaci\u00f3n, los directores y los profesores es crucial para la implicaci\u00f3n de los estudiantes, y la obra de teatro debe ser un momento de un proceso m\u00e1s amplio de reuniones, debates, temas de clase y estudios en profundidad en las aulas y los centros escolares.<\/p>\n<p>[\/et_pb_text][et_pb_text _builder_version=\u00bb4.19.5&#8243; _module_preset=\u00bbdefault\u00bb text_font_size=\u00bb45px\u00bb global_colors_info=\u00bb{}\u00bb]<\/p>\n<p>La primera<\/p>\n<p>[\/et_pb_text][et_pb_text _builder_version=\u00bb4.19.5&#8243; _module_preset=\u00bbdefault\u00bb global_colors_info=\u00bb{}\u00bb]<\/p>\n<p>La primera representaci\u00f3n tuvo lugar el <strong>27 de abril de 2015<\/strong> en la <strong>Sala Umberto de Roma<\/strong>, para un p\u00fablico institucional nacional compuesto por administradores locales, pol\u00edticos, magistrados, representantes de asociaciones, categor\u00edas y sindicatos, medios de comunicaci\u00f3n y periodistas, y todos aquellos que desearon asistir al estreno de este importante acontecimiento. Posteriormente, los centros de ense\u00f1anza secundaria se implicaron en la puesta en escena de la obra en los auditorios o teatros de los propios centros. Tambi\u00e9n se ha iniciado una <strong>gira por escuelas romanas con 10 representaciones del espect\u00e1culo<\/strong>.<\/p>\n<p>[\/et_pb_text][et_pb_text _builder_version=\u00bb4.19.5&#8243; _module_preset=\u00bbdefault\u00bb text_font_size=\u00bb45px\u00bb global_colors_info=\u00bb{}\u00bb]<\/p>\n<p>Testimonios<\/p>\n<p>[\/et_pb_text][et_pb_text _builder_version=\u00bb4.19.5&#8243; _module_preset=\u00bbdefault\u00bb global_colors_info=\u00bb{}\u00bb]<\/p>\n<p><em>\u00abMe dirijo a usted inmediatamente despu\u00e9s de la representaci\u00f3n teatral de esta ma\u00f1ana para informarle de la gran valoraci\u00f3n de nuestros alumnos de la obra \u00abNiente per niente\u00bb (Nada por nada), que consigui\u00f3 retener tanto a los \u00abpeque\u00f1os\u00bb del curso de dos a\u00f1os (que eran pocos porque sus compa\u00f1eros est\u00e1n de viaje de estudios) como a los \u00abgrandes\u00bb, que apreciaron el lenguaje expl\u00edcito de los cuatro protagonistas (especialmente las continuas llamadas de Francesco Meoni a su tel\u00e9fono m\u00f3vil), la atractiva trama y la recargada escenograf\u00eda. Personalmente, me impresion\u00f3 la mezcla de medios de comunicaci\u00f3n de masas (pantallas de televisi\u00f3n), citas de autores cl\u00e1sicos y testimonios directos y conmovedores de v\u00edctimas de la usura que consiguieron salir airosas. Fue una lecci\u00f3n de vida para nuestros alumnos, haci\u00e9ndoles tomar conciencia de la cruda realidad de la usura que, a trav\u00e9s de los \u00abamigos de los amigos\u00bb siempre dispuestos a ayudar a los que tienen dificultades financieras, s\u00f3lo conduce a la desesperaci\u00f3n y al desprecio de estas personas sin escr\u00fapulos. Les agradecemos a todos la oportunidad que han brindado a nuestro Instituto, (&#8230;)<\/em>\u00ab.  <\/p>\n<p><strong>Prof. Lilia Elvira Iona &#8211; I.I.S. &#8216;ENZO FERRARI&#8217; &#8211; ITC &#8216;Giovanni da Verrazzano&#8217; &#8211; Roma<\/strong><\/p>\n<p>&nbsp;<\/p>\n<p><em>\u00abLa presente es para agradecerle sinceramente que permitiera a nuestros alumnos de tercer curso asistir a la obra de teatro \u00abNada por nada\u00bb el pasado 21 de mayo. Para algunos de ellos -los estudiantes de 3 B- represent\u00f3 la conclusi\u00f3n de un importante viaje que comenz\u00f3 en 2013. Para todos ellos, fue un motivo para debatir y explorar un tema de gran actualidad del que quiz\u00e1 no todo el mundo sea a\u00fan plenamente consciente. Los profesores tambi\u00e9n me expresaron su gran aprecio por el tema y por los actores, que, seg\u00fan me dijeron, eran muy atractivos. (&#8230;)\u00bb<\/em>.<\/p>\n<p><strong>Prof. Alfi Tesciuba &#8211; Vicedirectora Colaboradora -A. Media School Sacerdoti.  <\/strong><\/p>\n<p>[\/et_pb_text][et_pb_gallery _builder_version=\u00bb4.19.5&#8243; _module_preset=\u00bbdefault\u00bb gallery_ids=\u00bb352,351,350,349,340,336,337,335,333,339&#8243; hover_enabled=\u00bb0&#8243; sticky_enabled=\u00bb0&#8243;][\/et_pb_gallery][\/et_pb_column][\/et_pb_row][\/et_pb_section]<\/p>\n","protected":false},"excerpt":{"rendered":"<p>\n\t\t\t\t<p class=\"rs-p-wp-fix\"><\/p>\n\t\t\t\t<sr7-module data-alias=\"iniziative-slider\" data-id=\"6\" id=\"SR7_6_2\" class=\"rs-ov-hidden\" data-version=\"6.7.51\">\n\t\t\t\t\t<sr7-adjuster><\/sr7-adjuster>\n\t\t\t\t\t<sr7-content>\n\t\t\t\t\t\t<sr7-slide id=\"SR7_6_2-11\" data-key=\"11\">\n\t\t\t\t\t\t\t<sr7-bg id=\"SR7_6_2-11-5\" class=\"sr7-layer\"><noscript><img decoding=\"async\" src=\"https:\/\/adventum.s3.eu-west-1.amazonaws.com\/wp-content\/uploads\/2020\/08\/banner-iniziative-griglia-pois.png\" alt=\"\" title=\"banner-iniziative-griglia-pois\"><\/noscript><\/sr7-bg>\n\t\t\t\t\t\t<\/sr7-slide>\n\t\t\t\t\t\t<sr7-slide id=\"SR7_6_2-45\" data-key=\"45\">\n\t\t\t\t\t\t<\/sr7-slide>\n\t\t\t\t\t<\/sr7-content>\n\t\t\t\t\t<image_lists style=\"display:none\">\n\t\t\t\t\t\t<img data-src=\"\/\/adventum.s3.eu-west-1.amazonaws.com\/wp-content\/uploads\/2020\/08\/banner-iniziative-logo.png\" data-libid=\"29790\" data-lib=\"medialibrary\" title=\"banner-iniziative-logo\" width=\"0\" height=\"0\" data-dbsrc=\"Ly9hZHZlbnR1bS5zMy5ldS13ZXN0LTEuYW1hem9uYXdzLmNvbS93cC1jb250ZW50L3VwbG9hZHMvMjAyMC8wOC9iYW5uZXItaW5pemlhdGl2ZS1sb2dvLnBuZw==\"\/>\n\t\t\t\t\t\t<img data-src=\"\/\/adventum.s3.eu-west-1.amazonaws.com\/wp-content\/uploads\/2020\/08\/banner-iniziative-griglia-pois.png\" data-libid=\"30953\" data-lib=\"medialibrary\" title=\"banner-iniziative-griglia-pois\" width=\"0\" height=\"0\" data-dbsrc=\"Ly9hZHZlbnR1bS5zMy5ldS13ZXN0LTEuYW1hem9uYXdzLmNvbS93cC1jb250ZW50L3VwbG9hZHMvMjAyMC8wOC9iYW5uZXItaW5pemlhdGl2ZS1ncmlnbGlhLXBvaXMucG5n\"\/>\n\t\t\t\t\t<\/image_lists>\n\t\t\t\t<\/sr7-module>\n\t\t\t\t<script>\n\t\t\t\t\twindow.SR7 ??={};SR7.PMH ??={}; SR7.PMH[\"SR7_6_2\"] = {cn:100,state:false,fn: function() { if (window._tpt!==undefined && window._tpt.prepareModuleHeight !== undefined) {  _tpt.prepareModuleHeight({id:\"SR7_6_2\",el:[351,351,768,960,720],type:'standard',shdw:'0',gh:[351,351,,,],gw:[1240,1240,1024,778,480],vpt:['-200px'],size:{fullWidth:true, fullHeight:false},mh:'0',onh:0,onw:0,bg:{color:'{\"orig\":\"transparent\",\"type\":\"solid\",\"string\":\"transparent\"}'},plType:'0',plColor:'#FFFFFF'});   SR7.PMH[\"SR7_6_2\"].state=true;} else if(SR7.PMH[\"SR7_6_2\"].cn-->0)\tsetTimeout( SR7.PMH[\"SR7_6_2\"].fn,19);}};SR7.PMH[\"SR7_6_2\" ].fn();\n\t\t\t\t<\/script>\nNada para neinteHistorias suspendidas entre el sobreendeudamiento y la usura.\ud83d\uddd3\ufe0f 27 de abril de 2015 . \ud83d\udccd Sala Umberto &#8211; Roma\ud83d\uddd3\ufe0f 27 de abril de 2015\ud83d\udccd Sala Umberto &#8211; [&hellip;]<\/p>\n","protected":false},"author":11,"featured_media":34154,"parent":35056,"menu_order":0,"comment_status":"open","ping_status":"closed","template":"","meta":{"_et_pb_use_builder":"on","_et_pb_old_content":"","_et_gb_content_width":"","footnotes":""},"class_list":["post-35157","page","type-page","status-publish","has-post-thumbnail","hentry"],"yoast_head":"<!-- This site is optimized with the Yoast SEO plugin v27.5 - https:\/\/yoast.com\/product\/yoast-seo-wordpress\/ -->\n<title>Fundaci\u00f3n Adventum Onlus<\/title>\n<meta name=\"description\" content=\"La Fundaci\u00f3n ADVENTUM se cre\u00f3 para educar en la legalidad, formar a los j\u00f3venes en el uso responsable del dinero y ofrecer una soluci\u00f3n concreta a quienes tienen dificultades.\" \/>\n<meta name=\"robots\" content=\"index, follow, max-snippet:-1, max-image-preview:large, max-video-preview:-1\" \/>\n<link rel=\"canonical\" href=\"https:\/\/adventum.org\/es\/iniciativas\/nada-por-nada\/\" \/>\n<meta property=\"og:locale\" content=\"es_ES\" \/>\n<meta property=\"og:type\" content=\"article\" \/>\n<meta property=\"og:title\" content=\"Fundaci\u00f3n Adventum Onlus\" \/>\n<meta property=\"og:description\" content=\"La Fundaci\u00f3n ADVENTUM se cre\u00f3 para educar en la legalidad, formar a los j\u00f3venes en el uso responsable del dinero y ofrecer una soluci\u00f3n concreta a quienes tienen dificultades.\" \/>\n<meta property=\"og:url\" content=\"https:\/\/adventum.org\/es\/iniciativas\/nada-por-nada\/\" \/>\n<meta property=\"og:site_name\" content=\"Fondazione Adventum - Solidariet\u00e0 Antisura\" \/>\n<meta property=\"article:modified_time\" content=\"2023-04-17T07:43:06+00:00\" \/>\n<meta property=\"og:image\" content=\"http:\/\/www.adventum.org\/wp-content\/uploads\/2015\/01\/logo-adventum-350.jpg\" \/>\n<meta name=\"twitter:card\" content=\"summary_large_image\" \/>\n<meta name=\"twitter:label1\" content=\"Tiempo de lectura\" \/>\n\t<meta name=\"twitter:data1\" content=\"8 minutos\" \/>\n<script type=\"application\/ld+json\" class=\"yoast-schema-graph\">{\"@context\":\"https:\\\/\\\/schema.org\",\"@graph\":[{\"@type\":\"WebPage\",\"@id\":\"https:\\\/\\\/adventum.org\\\/es\\\/iniciativas\\\/nada-por-nada\\\/\",\"url\":\"https:\\\/\\\/adventum.org\\\/es\\\/iniciativas\\\/nada-por-nada\\\/\",\"name\":\"Fundaci\u00f3n Adventum Onlus\",\"isPartOf\":{\"@id\":\"https:\\\/\\\/adventum.org\\\/es\\\/#website\"},\"primaryImageOfPage\":{\"@id\":\"https:\\\/\\\/adventum.org\\\/es\\\/iniciativas\\\/nada-por-nada\\\/#primaryimage\"},\"image\":{\"@id\":\"https:\\\/\\\/adventum.org\\\/es\\\/iniciativas\\\/nada-por-nada\\\/#primaryimage\"},\"thumbnailUrl\":\"https:\\\/\\\/adventum.org\\\/wp-content\\\/uploads\\\/2015\\\/04\\\/progetto-teatro-niente-per-niente.png\",\"datePublished\":\"2023-02-10T09:13:06+00:00\",\"dateModified\":\"2023-04-17T07:43:06+00:00\",\"description\":\"La Fundaci\u00f3n ADVENTUM se cre\u00f3 para educar en la legalidad, formar a los j\u00f3venes en el uso responsable del dinero y ofrecer una soluci\u00f3n concreta a quienes tienen dificultades.\",\"breadcrumb\":{\"@id\":\"https:\\\/\\\/adventum.org\\\/es\\\/iniciativas\\\/nada-por-nada\\\/#breadcrumb\"},\"inLanguage\":\"es\",\"potentialAction\":[{\"@type\":\"ReadAction\",\"target\":[\"https:\\\/\\\/adventum.org\\\/es\\\/iniciativas\\\/nada-por-nada\\\/\"]}]},{\"@type\":\"ImageObject\",\"inLanguage\":\"es\",\"@id\":\"https:\\\/\\\/adventum.org\\\/es\\\/iniciativas\\\/nada-por-nada\\\/#primaryimage\",\"url\":\"https:\\\/\\\/adventum.org\\\/wp-content\\\/uploads\\\/2015\\\/04\\\/progetto-teatro-niente-per-niente.png\",\"contentUrl\":\"https:\\\/\\\/adventum.org\\\/wp-content\\\/uploads\\\/2015\\\/04\\\/progetto-teatro-niente-per-niente.png\",\"width\":1037,\"height\":691},{\"@type\":\"BreadcrumbList\",\"@id\":\"https:\\\/\\\/adventum.org\\\/es\\\/iniciativas\\\/nada-por-nada\\\/#breadcrumb\",\"itemListElement\":[{\"@type\":\"ListItem\",\"position\":1,\"name\":\"Home\",\"item\":\"https:\\\/\\\/adventum.org\\\/es\\\/\"},{\"@type\":\"ListItem\",\"position\":2,\"name\":\"Iniciativas\",\"item\":\"https:\\\/\\\/adventum.org\\\/es\\\/iniciativas\\\/\"},{\"@type\":\"ListItem\",\"position\":3,\"name\":\"Nada por nada\"}]},{\"@type\":\"WebSite\",\"@id\":\"https:\\\/\\\/adventum.org\\\/es\\\/#website\",\"url\":\"https:\\\/\\\/adventum.org\\\/es\\\/\",\"name\":\"Fondazione Adventum - Solidariet\u00e0 Antisura\",\"description\":\"Prevenzione usura e indebitamento da prestiti\",\"potentialAction\":[{\"@type\":\"SearchAction\",\"target\":{\"@type\":\"EntryPoint\",\"urlTemplate\":\"https:\\\/\\\/adventum.org\\\/es\\\/?s={search_term_string}\"},\"query-input\":{\"@type\":\"PropertyValueSpecification\",\"valueRequired\":true,\"valueName\":\"search_term_string\"}}],\"inLanguage\":\"es\"}]}<\/script>\n<!-- \/ Yoast SEO plugin. -->","yoast_head_json":{"title":"Fundaci\u00f3n Adventum Onlus","description":"La Fundaci\u00f3n ADVENTUM se cre\u00f3 para educar en la legalidad, formar a los j\u00f3venes en el uso responsable del dinero y ofrecer una soluci\u00f3n concreta a quienes tienen dificultades.","robots":{"index":"index","follow":"follow","max-snippet":"max-snippet:-1","max-image-preview":"max-image-preview:large","max-video-preview":"max-video-preview:-1"},"canonical":"https:\/\/adventum.org\/es\/iniciativas\/nada-por-nada\/","og_locale":"es_ES","og_type":"article","og_title":"Fundaci\u00f3n Adventum Onlus","og_description":"La Fundaci\u00f3n ADVENTUM se cre\u00f3 para educar en la legalidad, formar a los j\u00f3venes en el uso responsable del dinero y ofrecer una soluci\u00f3n concreta a quienes tienen dificultades.","og_url":"https:\/\/adventum.org\/es\/iniciativas\/nada-por-nada\/","og_site_name":"Fondazione Adventum - Solidariet\u00e0 Antisura","article_modified_time":"2023-04-17T07:43:06+00:00","og_image":[{"url":"http:\/\/www.adventum.org\/wp-content\/uploads\/2015\/01\/logo-adventum-350.jpg","type":"","width":"","height":""}],"twitter_card":"summary_large_image","twitter_misc":{"Tiempo de lectura":"8 minutos"},"schema":{"@context":"https:\/\/schema.org","@graph":[{"@type":"WebPage","@id":"https:\/\/adventum.org\/es\/iniciativas\/nada-por-nada\/","url":"https:\/\/adventum.org\/es\/iniciativas\/nada-por-nada\/","name":"Fundaci\u00f3n Adventum Onlus","isPartOf":{"@id":"https:\/\/adventum.org\/es\/#website"},"primaryImageOfPage":{"@id":"https:\/\/adventum.org\/es\/iniciativas\/nada-por-nada\/#primaryimage"},"image":{"@id":"https:\/\/adventum.org\/es\/iniciativas\/nada-por-nada\/#primaryimage"},"thumbnailUrl":"https:\/\/adventum.org\/wp-content\/uploads\/2015\/04\/progetto-teatro-niente-per-niente.png","datePublished":"2023-02-10T09:13:06+00:00","dateModified":"2023-04-17T07:43:06+00:00","description":"La Fundaci\u00f3n ADVENTUM se cre\u00f3 para educar en la legalidad, formar a los j\u00f3venes en el uso responsable del dinero y ofrecer una soluci\u00f3n concreta a quienes tienen dificultades.","breadcrumb":{"@id":"https:\/\/adventum.org\/es\/iniciativas\/nada-por-nada\/#breadcrumb"},"inLanguage":"es","potentialAction":[{"@type":"ReadAction","target":["https:\/\/adventum.org\/es\/iniciativas\/nada-por-nada\/"]}]},{"@type":"ImageObject","inLanguage":"es","@id":"https:\/\/adventum.org\/es\/iniciativas\/nada-por-nada\/#primaryimage","url":"https:\/\/adventum.org\/wp-content\/uploads\/2015\/04\/progetto-teatro-niente-per-niente.png","contentUrl":"https:\/\/adventum.org\/wp-content\/uploads\/2015\/04\/progetto-teatro-niente-per-niente.png","width":1037,"height":691},{"@type":"BreadcrumbList","@id":"https:\/\/adventum.org\/es\/iniciativas\/nada-por-nada\/#breadcrumb","itemListElement":[{"@type":"ListItem","position":1,"name":"Home","item":"https:\/\/adventum.org\/es\/"},{"@type":"ListItem","position":2,"name":"Iniciativas","item":"https:\/\/adventum.org\/es\/iniciativas\/"},{"@type":"ListItem","position":3,"name":"Nada por nada"}]},{"@type":"WebSite","@id":"https:\/\/adventum.org\/es\/#website","url":"https:\/\/adventum.org\/es\/","name":"Fondazione Adventum - Solidariet\u00e0 Antisura","description":"Prevenzione usura e indebitamento da prestiti","potentialAction":[{"@type":"SearchAction","target":{"@type":"EntryPoint","urlTemplate":"https:\/\/adventum.org\/es\/?s={search_term_string}"},"query-input":{"@type":"PropertyValueSpecification","valueRequired":true,"valueName":"search_term_string"}}],"inLanguage":"es"}]}},"_links":{"self":[{"href":"https:\/\/adventum.org\/es\/wp-json\/wp\/v2\/pages\/35157","targetHints":{"allow":["GET"]}}],"collection":[{"href":"https:\/\/adventum.org\/es\/wp-json\/wp\/v2\/pages"}],"about":[{"href":"https:\/\/adventum.org\/es\/wp-json\/wp\/v2\/types\/page"}],"author":[{"embeddable":true,"href":"https:\/\/adventum.org\/es\/wp-json\/wp\/v2\/users\/11"}],"replies":[{"embeddable":true,"href":"https:\/\/adventum.org\/es\/wp-json\/wp\/v2\/comments?post=35157"}],"version-history":[{"count":0,"href":"https:\/\/adventum.org\/es\/wp-json\/wp\/v2\/pages\/35157\/revisions"}],"up":[{"embeddable":true,"href":"https:\/\/adventum.org\/es\/wp-json\/wp\/v2\/pages\/35056"}],"wp:featuredmedia":[{"embeddable":true,"href":"https:\/\/adventum.org\/es\/wp-json\/wp\/v2\/media\/34154"}],"wp:attachment":[{"href":"https:\/\/adventum.org\/es\/wp-json\/wp\/v2\/media?parent=35157"}],"curies":[{"name":"wp","href":"https:\/\/api.w.org\/{rel}","templated":true}]}}