{"id":35011,"date":"2015-04-08T13:37:54","date_gmt":"2015-04-08T11:37:54","guid":{"rendered":"https:\/\/adventum.org\/educacion-y-sensibilizacion-de-los-jovenes\/"},"modified":"2023-04-17T09:42:04","modified_gmt":"2023-04-17T07:42:04","slug":"educacion-y-sensibilizacion-de-los-jovenes","status":"publish","type":"page","link":"https:\/\/adventum.org\/es\/educacion-y-sensibilizacion-de-los-jovenes\/","title":{"rendered":"Educaci\u00f3n y sensibilizaci\u00f3n de los j\u00f3venes"},"content":{"rendered":"<p>[et_pb_section fb_built=\u00bb1&#8243; background_color=\u00bb#36566f\u00bb disabled_on=\u00bboff|off|off\u00bb admin_label=\u00bbTestata\u00bb custom_padding_last_edited=\u00bbon|desktop\u00bb _builder_version=\u00bb3.0.47&#8243; background_image=\u00bbhttp:\/\/www.adventum.org\/wp-content\/uploads\/2016\/10\/testata_niente-per-niente.jpg\u00bb custom_padding=\u00bb|||\u00bb custom_padding_tablet=\u00bb50px|0|50px|0&#8243; transparent_background=\u00bboff\u00bb padding_mobile=\u00bboff\u00bb][et_pb_row custom_width_px=\u00bb980px\u00bb custom_padding=\u00bb||0px|\u00bb padding_mobile=\u00bbon\u00bb custom_margin=\u00bb8%||10%|\u00bb column_padding_mobile=\u00bbon\u00bb parallax_method_1=\u00bboff\u00bb parallax_method_2=\u00bboff\u00bb admin_label=\u00bbfila\u00bb _builder_version=\u00bb3.0.47&#8243; background_size=\u00bbinitial\u00bb background_position=\u00bbtop_left\u00bb background_repeat=\u00bbrepeat\u00bb][et_pb_column type=\u00bb1_2&#8243; _builder_version=\u00bb3.0.47&#8243; column_padding_mobile=\u00bbon\u00bb parallax=\u00bboff\u00bb parallax_method=\u00bboff\u00bb][\/et_pb_column][et_pb_column type=\u00bb1_2&#8243; _builder_version=\u00bb3.0.47&#8243; column_padding_mobile=\u00bbon\u00bb parallax=\u00bboff\u00bb parallax_method=\u00bboff\u00bb][et_pb_text admin_label=\u00bbText\u00bb _builder_version=\u00bb3.0.47&#8243; text_font=\u00bbRoboto Light||||\u00bb text_font_size=\u00bb24&#8243; text_text_color=\u00bb#673ab7&#8243; background_size=\u00bbinitial\u00bb background_position=\u00bbtop_left\u00bb background_repeat=\u00bbrepeat\u00bb custom_margin=\u00bb||0px|\u00bb custom_css_main_element=\u00bbfont-weight:300;\u00bb][\/et_pb_text][et_pb_text background_layout=\u00bbdark\u00bb admin_label=\u00bbTitolo\u00bb _builder_version=\u00bb3.0.47&#8243; text_font=\u00bbRoboto Light||||\u00bb text_font_size=\u00bb46px\u00bb text_font_size_phone=\u00bb36&#8243; text_text_color=\u00bb#ffffff\u00bb text_line_height=\u00bb1.1em\u00bb background_color=\u00bbrgba(54,86,111,0.7)\u00bb background_size=\u00bbinitial\u00bb background_position=\u00bbtop_left\u00bb background_repeat=\u00bbrepeat\u00bb max_width=\u00bb98%\u00bb custom_margin=\u00bb24px||0px|\u00bb custom_padding=\u00bb10px|10px|10px|10px\u00bb custom_css_main_element=\u00bbfont-weight:300;\u00bb]<\/p>\n<p>Educaci\u00f3n y sensibilizaci\u00f3n<br \/>\nde los j\u00f3venes<\/p>\n<p>[\/et_pb_text][et_pb_text admin_label=\u00bbText\u00bb _builder_version=\u00bb3.0.47&#8243; text_font=\u00bbRoboto||||\u00bb text_font_size=\u00bb20&#8243; text_font_size_phone=\u00bb16&#8243; text_text_color=\u00bb#673ab7&#8243; text_letter_spacing=\u00bb1px\u00bb text_line_height=\u00bb1.1em\u00bb background_size=\u00bbinitial\u00bb background_position=\u00bbtop_left\u00bb background_repeat=\u00bbrepeat\u00bb custom_margin=\u00bb48px|||\u00bb][\/et_pb_text][\/et_pb_column][\/et_pb_row][\/et_pb_section][et_pb_section fb_built=\u00bb1&#8243; disabled_on=\u00bboff|off|off\u00bb admin_label=\u00bbSezione\u00bb custom_padding_last_edited=\u00bbon|desktop\u00bb _builder_version=\u00bb3.0.47&#8243; custom_padding_tablet=\u00bb50px|0|50px|0&#8243; transparent_background=\u00bboff\u00bb padding_mobile=\u00bboff\u00bb][et_pb_row padding_mobile=\u00bboff\u00bb column_padding_mobile=\u00bbon\u00bb admin_label=\u00bbL\u00ednea\u00bb _builder_version=\u00bb3.0.47&#8243; background_size=\u00bbinitial\u00bb background_position=\u00bbtop_left\u00bb background_repeat=\u00bbrepeat\u00bb][et_pb_column type=\u00bb2_3&#8243; _builder_version=\u00bb3.0.47&#8243; column_padding_mobile=\u00bbon\u00bb parallax=\u00bboff\u00bb parallax_method=\u00bbon\u00bb][et_pb_text admin_label=\u00bbTesto\u00bb _builder_version=\u00bb3.0.47&#8243; text_font=\u00bbOpen Sans Light||||\u00bb text_font_size=\u00bb24px\u00bb text_text_color=\u00bb#d49e00&#8243; background_size=\u00bbinitial\u00bb background_position=\u00bbtop_left\u00bb background_repeat=\u00bbrepeat\u00bb]<\/p>\n<p style=\"text-align: left;\">La <strong>Fundaci\u00f3n ADVENTUM<\/strong> previene el riesgo de usura<br \/>apoyar a las personas con dificultades econ\u00f3micas.<\/p>\n<p>[\/et_pb_text][\/et_pb_column][et_pb_column type=\u00bb1_3&#8243; _builder_version=\u00bb3.0.47&#8243; column_padding_mobile=\u00bbon\u00bb parallax=\u00bboff\u00bb parallax_method=\u00bbon\u00bb][et_pb_image src=\u00bbhttp:\/\/www.adventum.org\/wp-content\/uploads\/2015\/01\/adventum-dona-ora.png\u00bb alt=\u00bbDonar ahora\u00bb url=\u00bbhttp:\/\/www.adventum.org\/donazioni\/\u00bb admin_label=\u00bbImmagine\u00bb _builder_version=\u00bb3.0.47&#8243; animation=\u00bboff\u00bb] [\/et_pb_image][\/et_pb_column][\/et_pb_row][\/et_pb_section][et_pb_section fb_built=\u00bb1&#8243; background_color=\u00bb#3a5565&#8243; admin_label=\u00bbsection\u00bb custom_padding_last_edited=\u00bbon|desktop\u00bb _builder_version=\u00bb3.0.47&#8243; custom_padding_tablet=\u00bb50px|0|50px|0&#8243; transparent_background=\u00bboff\u00bb padding_mobile=\u00bboff\u00bb][et_pb_row padding_mobile=\u00bboff\u00bb column_padding_mobile=\u00bbon\u00bb admin_label=\u00bbfila\u00bb _builder_version=\u00bb3.0.47&#8243; background_size=\u00bbinitial\u00bb background_position=\u00bbtop_left\u00bb background_repeat=\u00bbrepeat\u00bb][et_pb_column type=\u00bb4_4&#8243; _builder_version=\u00bb3.0.47&#8243; column_padding_mobile=\u00bbon\u00bb parallax=\u00bboff\u00bb parallax_method=\u00bbon\u00bb][et_pb_text background_layout=\u00bbdark\u00bb admin_label=\u00bbTesto\u00bb _builder_version=\u00bb3.0.47&#8243; text_font_size=\u00bb24px\u00bb text_text_color=\u00bb#c69d15&#8243; header_text_color=\u00bb#c69d15&#8243; background_size=\u00bbinitial\u00bb background_position=\u00bbtop_left\u00bb background_repeat=\u00bbrepeat\u00bb]<\/p>\n<p style=\"text-align: center;\">Educaci\u00f3n y sensibilizaci\u00f3n de los j\u00f3venes<\/p>\n<p style=\"text-align: center;\">EL PROYECTO TEATRAL \u00abNADA POR NADA<\/p>\n<p>[\/et_pb_text][et_pb_text background_layout=\u00bbdark\u00bb admin_label=\u00bbTesto\u00bb _builder_version=\u00bb3.0.47&#8243; background_size=\u00bbinitial\u00bb background_position=\u00bbtop_left\u00bb background_repeat=\u00bbrepeat\u00bb]<\/p>\n<h3 style=\"text-align: center;\"><\/h3>\n<p style=\"text-align: justify;\"><em>\u00abNada por nada. Historias suspendidas entre el sobreendeudamiento y la usura<\/em> \u00bb es un viaje teatral y una viva reflexi\u00f3n sobre un tema de candente actualidad, que hist\u00f3ricamente viene de lejos y hoy adquiere caracter\u00edsticas y modalidades cada vez m\u00e1s penetrantes e insidiosas.<\/p>\n<p style=\"text-align: justify;\">A trav\u00e9s de las historias emblem\u00e1ticas de personajes extra\u00eddos de la realidad de testimonios e indagaciones, se despliega un viaje emocional y convincente que implica y hace reflexionar, pero que, sobre todo, esperamos, sea un ejemplo y una gu\u00eda para una gesti\u00f3n consciente del dinero, una advertencia palpitante para estar alerta ante la trampa de la usura, que se aprovecha de la vulnerabilidad emocional y psicol\u00f3gica de las personas en dificultades, pero tambi\u00e9n un empuj\u00f3n a la valent\u00eda para pedir ayuda a las instituciones cuando el problema se vuelve insalvable y peligroso.<\/p>\n<p style=\"text-align: justify;\">La dif\u00edcil situaci\u00f3n econ\u00f3mica y la falta de una cultura sobre el uso responsable del dinero han provocado un crecimiento exponencial del fen\u00f3meno en todo el pa\u00eds.<\/p>\n<p style=\"text-align: justify;\">Cada vez es m\u00e1s frecuente que artesanos, comerciantes, empresarios y familias caigan en manos de usureros por culpa de un problema del que se habla poco y que s\u00f3lo est\u00e1 en el candelero cuando las noticias sobre delincuencia se ocupan de \u00e9l, con asesinatos, suicidios o violencia contra las v\u00edctimas.<\/p>\n<p style=\"text-align: justify;\">La educaci\u00f3n en el uso responsable del dinero es, por tanto, un primer objetivo importante que debe perseguirse con actividades espec\u00edficas de sensibilizaci\u00f3n y alfabetizaci\u00f3n, fomentando una conciencia social que ayude a comprender las causas del problema y a atajarlo. Empezando por la generaci\u00f3n m\u00e1s joven.<\/p>\n<p style=\"text-align: justify;\">Precisamente por eso, la obra y su escritura se dirigen a un <strong>p\u00fablico de j\u00f3venes<\/strong>, los primeros en comprender la amplitud y la gravedad del fen\u00f3meno. En este sentido, el papel del Ministerio de Educaci\u00f3n, los directores y los profesores es crucial para la implicaci\u00f3n de los estudiantes, y la obra de teatro debe ser un momento de un proceso m\u00e1s amplio de reuniones, debates, temas de clase y estudios en profundidad en las aulas y los centros escolares.<\/p>\n<p>[\/et_pb_text][\/et_pb_column][\/et_pb_row][et_pb_row padding_mobile=\u00bboff\u00bb column_padding_mobile=\u00bbon\u00bb admin_label=\u00bbfila\u00bb _builder_version=\u00bb3.0.47&#8243; background_size=\u00bbinitial\u00bb background_position=\u00bbtop_left\u00bb background_repeat=\u00bbrepeat\u00bb][et_pb_column type=\u00bb1_2&#8243; _builder_version=\u00bb3.0.47&#8243; column_padding_mobile=\u00bbon\u00bb parallax=\u00bboff\u00bb parallax_method=\u00bbon\u00bb][et_pb_text background_layout=\u00bbdark\u00bb admin_label=\u00bbTesto\u00bb _builder_version=\u00bb3.0.47&#8243; background_size=\u00bbinitial\u00bb background_position=\u00bbtop_left\u00bb background_repeat=\u00bbrepeat\u00bb]<\/p>\n<p style=\"text-align: justify;\">El <strong>proyecto teatral, promovido por la Fundaci\u00f3n ADVENTUM y la<a href=\"http:\/\/www.ambulatorioantiusura.it\/\" target=\"_blank\" rel=\"noopener\">Cl\u00ednica Ambulatoria Antiusura<\/a><\/strong> <strong> y <a href=\"http:\/\/www.ottopermilleavventisti.it\/news\/\" target=\"_blank\" rel=\"noopener\">financiado por 8xmille de la Iglesia Cristiana Adventista<\/a><\/strong>, incluye dos fases diferenciadas:<\/p>\n<ul style=\"text-align: justify;\">\n<li>una funci\u00f3n de estreno el 27 de abril de 2015 en la Sala Umberto de Roma, destinada a un p\u00fablico institucional nacional compuesto por administradores locales, pol\u00edticos, magistrados, representantes de asociaciones, categor\u00edas y sindicatos, medios de comunicaci\u00f3n y periodistas, y todos aquellos que deseen asistir al estreno de este importante acontecimiento.<\/li>\n<li>un segundo momento en el que participan los centros de ense\u00f1anza secundaria con la puesta en escena de la obra en los auditorios o teatros de los propios centros. De hecho, en 2015 est\u00e1 prevista una gira por escuelas romanas con 10 representaciones del espect\u00e1culo.<\/li>\n<\/ul>\n<p style=\"text-align: justify;\">El proyecto, que comienza en Roma, est\u00e1 previsto para 2015 y 2016 en ciudades y escuelas <strong>de todo<\/strong> el pa\u00eds.<\/p>\n<p>[\/et_pb_text][\/et_pb_column][et_pb_column type=\u00bb1_2&#8243; _builder_version=\u00bb3.0.47&#8243; column_padding_mobile=\u00bbon\u00bb parallax=\u00bboff\u00bb parallax_method=\u00bbon\u00bb][et_pb_text background_layout=\u00bbdark\u00bb admin_label=\u00bbattori\u00bb _builder_version=\u00bb3.0.47&#8243; background_size=\u00bbinitial\u00bb background_position=\u00bbtop_left\u00bb background_repeat=\u00bbrepeat\u00bb]<\/p>\n<p style=\"text-align: justify;\">La compa\u00f1\u00eda de teatro que pondr\u00e1 en escena la representaci\u00f3n est\u00e1 formada por:<\/p>\n<ul>\n<li style=\"text-align: justify;\">Giusi Cataldo, actriz y directora<\/li>\n<li style=\"text-align: justify;\">Giovanni Carta, director adjunto<\/li>\n<li style=\"text-align: justify;\">Alessio Di Clemente, actor<\/li>\n<li style=\"text-align: justify;\">Francesco Meoni, actor.<\/li>\n<li style=\"text-align: justify;\">Rossana Veracierta, actriz.<\/li>\n<\/ul>\n<ul>\n<li style=\"text-align: justify;\">Francesco Randazzo, autor<\/li>\n<li style=\"text-align: justify;\">Massimiliano Pace, m\u00fasica<\/li>\n<li style=\"text-align: justify;\">Katia T\u00edtulo, decorados y vestuario<\/li>\n<li style=\"text-align: justify;\">Beppe Filipponio, dise\u00f1o de iluminaci\u00f3n<\/li>\n<li style=\"text-align: justify;\">Producci\u00f3n ejecutiva, Pragma Produzioni Roma<\/li>\n<\/ul>\n<p>[\/et_pb_text][\/et_pb_column][\/et_pb_row][et_pb_row padding_mobile=\u00bboff\u00bb column_padding_mobile=\u00bbon\u00bb admin_label=\u00bbfila\u00bb _builder_version=\u00bb3.0.47&#8243; background_size=\u00bbinitial\u00bb background_position=\u00bbtop_left\u00bb background_repeat=\u00bbrepeat\u00bb][et_pb_column type=\u00bb4_4&#8243; _builder_version=\u00bb3.0.47&#8243; column_padding_mobile=\u00bbon\u00bb parallax=\u00bboff\u00bb parallax_method=\u00bbon\u00bb][et_pb_video src=\u00bbhttps:\/\/www.youtube.com\/watch?v=ekIYhbG-RtM\u00bb admin_label=\u00bbVideo\u00bb _builder_version=\u00bb3.0.47&#8243;] [\/et_pb_video][\/et_pb_column][\/et_pb_row][et_pb_row padding_mobile=\u00bboff\u00bb column_padding_mobile=\u00bbon\u00bb admin_label=\u00bbL\u00ednea\u00bb _builder_version=\u00bb3.0.47&#8243; background_size=\u00bbinitial\u00bb background_position=\u00bbtop_left\u00bb background_repeat=\u00bbrepeat\u00bb][et_pb_column type=\u00bb4_4&#8243; _builder_version=\u00bb3.0.47&#8243; column_padding_mobile=\u00bbon\u00bb parallax=\u00bboff\u00bb parallax_method=\u00bbon\u00bb][et_pb_text background_layout=\u00bbdark\u00bb admin_label=\u00bbRassegna Stampa\u00bb _builder_version=\u00bb3.0.47&#8243; background_size=\u00bbinitial\u00bb background_position=\u00bbtop_left\u00bb background_repeat=\u00bbrepeat\u00bb text_orientation=\u00bbjustified\u00bb]<\/p>\n<h1 style=\"text-align: center;\">RESE\u00d1A DEL ESPECT\u00c1CULO EN LA PRENSA<\/h1>\n<ul>\n<li><a href=\"http:\/\/roma.corriere.it\/notizie\/cultura_e_spettacoli\/15_aprile_25\/nelle-mani-strozzini-cinque-storie-palcoscenico-e0c92c2e-eb5b-11e4-aaae-29597682dafd.shtml\" target=\"_blank\" rel=\"noopener\">Corriere della Sera \/ Roma: &#8216;En manos de usureros. Cinco historias en escena&#8217;<\/a><\/li>\n<li><a href=\"http:\/\/www.romatoday.it\/eventi\/teatro\/niente-per-niente-storie-sospese-spettacolo-teatrale.html\" target=\"_blank\" rel=\"noopener\">RomaToday: \u00abHistorias de nada por nada suspendidas entre el sobreendeudamiento y la usura<\/a><\/li>\n<li><a href=\"http:\/\/www.primapress.it\/index.php?option=com_k2&amp;view=item&amp;id=21253:usura-a-roma-il-27-aprile-parte-il-progetto-teatrale-per-i-giovani-niente-per-niente\" target=\"_blank\" rel=\"noopener\">PrimaPress.it : \u00abUsura, el proyecto teatral para j\u00f3venes Niente per Niente comienza en Roma el 27 de abril\u00bb.<\/a><\/li>\n<li><a href=\"http:\/\/www.lultimaribattuta.it\/24659_niente-per-niente-teatro-di-parla-di-indebitamento-e-usura\" target=\"_blank\" rel=\"noopener\">La \u00faltima refutaci\u00f3n: &#8216;Nada a cambio de nada: el teatro habla a los j\u00f3venes sobre la deuda y la usura&#8217;<\/a><\/li>\n<li><a href=\"http:\/\/ricerca.repubblica.it\/repubblica\/archivio\/repubblica\/2015\/04\/05\/giusi-cataldo-e-adesso-porto-in-scena-lusuraPalermo10.html?ref=search\" target=\"_blank\" rel=\"noopener\">Repubblica.it: \u00abGiusi Cataldo \u00abY ahora llevo la usura a escena\u00bb\u00bb<\/a><\/li>\n<li><a href=\"http:\/\/www.rai.tv\/dl\/RaiTV\/programmi\/media\/ContentItem-1327ca1b-578d-40d5-bd39-fa2d47c0d001.html\" target=\"_blank\" rel=\"noopener\">Episodio de Unomattina del 30\/04\/2015<\/a> (servicio a las 01:18:41)<\/li>\n<li><a href=\"http:\/\/www.rai.tv\/dl\/RaiTV\/programmi\/media\/ContentItem-24d034e5-7e84-46ed-81e9-169f6f28af94.html\" target=\"_blank\" rel=\"noopener\">Protestantismo episodio del 28\/02\/2016 reportaje sobre \u00abNada por nada\u00bb<\/a><\/li>\n<li><a href=\"https:\/\/www.youtube.com\/watch?v=ekIYhbG-RtM\" target=\"_blank\" rel=\"noopener\">Espect\u00e1culo de v\u00eddeo \u00abNada por nada. Historias suspendidas entre el sobreendeudamiento y la usura&#8217;.<\/a><\/li>\n<li><a href=\"http:\/\/www.rai.tv\/dl\/RaiTV\/programmi\/media\/ContentItem-55fc7eba-1194-4ae8-b679-1386d1e5e4ad-tg2.html\" target=\"_blank\" rel=\"noopener\">TG2 Traje y sociedad<\/a> (Informe completo en el minuto 9.40)<\/li>\n<\/ul>\n<p>[\/et_pb_text][\/et_pb_column][\/et_pb_row][\/et_pb_section]<\/p>\n","protected":false},"excerpt":{"rendered":"<p>Educaci\u00f3n y sensibilizaci\u00f3n de los j\u00f3venesLa Fundaci\u00f3n ADVENTUM previene el riesgo de usuraapoyar a las personas con dificultades econ\u00f3micas. Educaci\u00f3n y sensibilizaci\u00f3n de los j\u00f3venes EL PROYECTO TEATRAL \u00abNADA POR [&hellip;]<\/p>\n","protected":false},"author":12,"featured_media":0,"parent":0,"menu_order":0,"comment_status":"open","ping_status":"open","template":"","meta":{"_et_pb_use_builder":"on","_et_pb_old_content":"","_et_gb_content_width":"","footnotes":""},"class_list":["post-35011","page","type-page","status-publish","hentry"],"yoast_head":"<!-- This site is optimized with the Yoast SEO plugin v27.5 - https:\/\/yoast.com\/product\/yoast-seo-wordpress\/ -->\n<title>Educaci\u00f3n y sensibilizaci\u00f3n de los j\u00f3venes - Fondazione Adventum - Solidariet\u00e0 Antisura<\/title>\n<meta name=\"robots\" content=\"index, follow, max-snippet:-1, max-image-preview:large, max-video-preview:-1\" \/>\n<link rel=\"canonical\" href=\"https:\/\/adventum.org\/es\/educacion-y-sensibilizacion-de-los-jovenes\/\" \/>\n<meta property=\"og:locale\" content=\"es_ES\" \/>\n<meta property=\"og:type\" content=\"article\" \/>\n<meta property=\"og:title\" content=\"Educaci\u00f3n y sensibilizaci\u00f3n de los j\u00f3venes - Fondazione Adventum - Solidariet\u00e0 Antisura\" \/>\n<meta property=\"og:description\" content=\"Educaci\u00f3n y sensibilizaci\u00f3n de los j\u00f3venesLa Fundaci\u00f3n ADVENTUM previene el riesgo de usuraapoyar a las personas con dificultades econ\u00f3micas. Educaci\u00f3n y sensibilizaci\u00f3n de los j\u00f3venes EL PROYECTO TEATRAL &quot;NADA POR [&hellip;]\" \/>\n<meta property=\"og:url\" content=\"https:\/\/adventum.org\/es\/educacion-y-sensibilizacion-de-los-jovenes\/\" \/>\n<meta property=\"og:site_name\" content=\"Fondazione Adventum - Solidariet\u00e0 Antisura\" \/>\n<meta property=\"article:modified_time\" content=\"2023-04-17T07:42:04+00:00\" \/>\n<meta property=\"og:image\" content=\"https:\/\/adventum.s3.eu-west-1.amazonaws.com\/wp-content\/uploads\/2021\/12\/visual-stories-micheile-ZVprbBmT8QA-unsplash-1.jpg\" \/>\n\t<meta property=\"og:image:width\" content=\"1920\" \/>\n\t<meta property=\"og:image:height\" content=\"1280\" \/>\n\t<meta property=\"og:image:type\" content=\"image\/jpeg\" \/>\n<meta name=\"twitter:card\" content=\"summary_large_image\" \/>\n<meta name=\"twitter:label1\" content=\"Tiempo de lectura\" \/>\n\t<meta name=\"twitter:data1\" content=\"8 minutos\" \/>\n<script type=\"application\/ld+json\" class=\"yoast-schema-graph\">{\"@context\":\"https:\\\/\\\/schema.org\",\"@graph\":[{\"@type\":\"WebPage\",\"@id\":\"https:\\\/\\\/adventum.org\\\/es\\\/educacion-y-sensibilizacion-de-los-jovenes\\\/\",\"url\":\"https:\\\/\\\/adventum.org\\\/es\\\/educacion-y-sensibilizacion-de-los-jovenes\\\/\",\"name\":\"Educaci\u00f3n y sensibilizaci\u00f3n de los j\u00f3venes - Fondazione Adventum - Solidariet\u00e0 Antisura\",\"isPartOf\":{\"@id\":\"https:\\\/\\\/adventum.org\\\/es\\\/#website\"},\"datePublished\":\"2015-04-08T11:37:54+00:00\",\"dateModified\":\"2023-04-17T07:42:04+00:00\",\"breadcrumb\":{\"@id\":\"https:\\\/\\\/adventum.org\\\/es\\\/educacion-y-sensibilizacion-de-los-jovenes\\\/#breadcrumb\"},\"inLanguage\":\"es\",\"potentialAction\":[{\"@type\":\"ReadAction\",\"target\":[\"https:\\\/\\\/adventum.org\\\/es\\\/educacion-y-sensibilizacion-de-los-jovenes\\\/\"]}]},{\"@type\":\"BreadcrumbList\",\"@id\":\"https:\\\/\\\/adventum.org\\\/es\\\/educacion-y-sensibilizacion-de-los-jovenes\\\/#breadcrumb\",\"itemListElement\":[{\"@type\":\"ListItem\",\"position\":1,\"name\":\"Home\",\"item\":\"https:\\\/\\\/adventum.org\\\/es\\\/\"},{\"@type\":\"ListItem\",\"position\":2,\"name\":\"Educaci\u00f3n y sensibilizaci\u00f3n de los j\u00f3venes\"}]},{\"@type\":\"WebSite\",\"@id\":\"https:\\\/\\\/adventum.org\\\/es\\\/#website\",\"url\":\"https:\\\/\\\/adventum.org\\\/es\\\/\",\"name\":\"Fondazione Adventum - Solidariet\u00e0 Antisura\",\"description\":\"Prevenzione usura e indebitamento da prestiti\",\"potentialAction\":[{\"@type\":\"SearchAction\",\"target\":{\"@type\":\"EntryPoint\",\"urlTemplate\":\"https:\\\/\\\/adventum.org\\\/es\\\/?s={search_term_string}\"},\"query-input\":{\"@type\":\"PropertyValueSpecification\",\"valueRequired\":true,\"valueName\":\"search_term_string\"}}],\"inLanguage\":\"es\"}]}<\/script>\n<!-- \/ Yoast SEO plugin. -->","yoast_head_json":{"title":"Educaci\u00f3n y sensibilizaci\u00f3n de los j\u00f3venes - Fondazione Adventum - Solidariet\u00e0 Antisura","robots":{"index":"index","follow":"follow","max-snippet":"max-snippet:-1","max-image-preview":"max-image-preview:large","max-video-preview":"max-video-preview:-1"},"canonical":"https:\/\/adventum.org\/es\/educacion-y-sensibilizacion-de-los-jovenes\/","og_locale":"es_ES","og_type":"article","og_title":"Educaci\u00f3n y sensibilizaci\u00f3n de los j\u00f3venes - Fondazione Adventum - Solidariet\u00e0 Antisura","og_description":"Educaci\u00f3n y sensibilizaci\u00f3n de los j\u00f3venesLa Fundaci\u00f3n ADVENTUM previene el riesgo de usuraapoyar a las personas con dificultades econ\u00f3micas. Educaci\u00f3n y sensibilizaci\u00f3n de los j\u00f3venes EL PROYECTO TEATRAL \"NADA POR [&hellip;]","og_url":"https:\/\/adventum.org\/es\/educacion-y-sensibilizacion-de-los-jovenes\/","og_site_name":"Fondazione Adventum - Solidariet\u00e0 Antisura","article_modified_time":"2023-04-17T07:42:04+00:00","og_image":[{"width":1920,"height":1280,"url":"https:\/\/adventum.s3.eu-west-1.amazonaws.com\/wp-content\/uploads\/2021\/12\/visual-stories-micheile-ZVprbBmT8QA-unsplash-1.jpg","type":"image\/jpeg"}],"twitter_card":"summary_large_image","twitter_misc":{"Tiempo de lectura":"8 minutos"},"schema":{"@context":"https:\/\/schema.org","@graph":[{"@type":"WebPage","@id":"https:\/\/adventum.org\/es\/educacion-y-sensibilizacion-de-los-jovenes\/","url":"https:\/\/adventum.org\/es\/educacion-y-sensibilizacion-de-los-jovenes\/","name":"Educaci\u00f3n y sensibilizaci\u00f3n de los j\u00f3venes - Fondazione Adventum - Solidariet\u00e0 Antisura","isPartOf":{"@id":"https:\/\/adventum.org\/es\/#website"},"datePublished":"2015-04-08T11:37:54+00:00","dateModified":"2023-04-17T07:42:04+00:00","breadcrumb":{"@id":"https:\/\/adventum.org\/es\/educacion-y-sensibilizacion-de-los-jovenes\/#breadcrumb"},"inLanguage":"es","potentialAction":[{"@type":"ReadAction","target":["https:\/\/adventum.org\/es\/educacion-y-sensibilizacion-de-los-jovenes\/"]}]},{"@type":"BreadcrumbList","@id":"https:\/\/adventum.org\/es\/educacion-y-sensibilizacion-de-los-jovenes\/#breadcrumb","itemListElement":[{"@type":"ListItem","position":1,"name":"Home","item":"https:\/\/adventum.org\/es\/"},{"@type":"ListItem","position":2,"name":"Educaci\u00f3n y sensibilizaci\u00f3n de los j\u00f3venes"}]},{"@type":"WebSite","@id":"https:\/\/adventum.org\/es\/#website","url":"https:\/\/adventum.org\/es\/","name":"Fondazione Adventum - Solidariet\u00e0 Antisura","description":"Prevenzione usura e indebitamento da prestiti","potentialAction":[{"@type":"SearchAction","target":{"@type":"EntryPoint","urlTemplate":"https:\/\/adventum.org\/es\/?s={search_term_string}"},"query-input":{"@type":"PropertyValueSpecification","valueRequired":true,"valueName":"search_term_string"}}],"inLanguage":"es"}]}},"_links":{"self":[{"href":"https:\/\/adventum.org\/es\/wp-json\/wp\/v2\/pages\/35011","targetHints":{"allow":["GET"]}}],"collection":[{"href":"https:\/\/adventum.org\/es\/wp-json\/wp\/v2\/pages"}],"about":[{"href":"https:\/\/adventum.org\/es\/wp-json\/wp\/v2\/types\/page"}],"author":[{"embeddable":true,"href":"https:\/\/adventum.org\/es\/wp-json\/wp\/v2\/users\/12"}],"replies":[{"embeddable":true,"href":"https:\/\/adventum.org\/es\/wp-json\/wp\/v2\/comments?post=35011"}],"version-history":[{"count":0,"href":"https:\/\/adventum.org\/es\/wp-json\/wp\/v2\/pages\/35011\/revisions"}],"wp:attachment":[{"href":"https:\/\/adventum.org\/es\/wp-json\/wp\/v2\/media?parent=35011"}],"curies":[{"name":"wp","href":"https:\/\/api.w.org\/{rel}","templated":true}]}}